{"id":1820,"date":"2021-10-26T13:47:59","date_gmt":"2021-10-26T11:47:59","guid":{"rendered":"http:\/\/chor-syndicats.ch\/wordpress\/?page_id=1820"},"modified":"2026-01-24T10:27:35","modified_gmt":"2026-01-24T08:27:35","slug":"unsere-konzerte","status":"publish","type":"page","link":"https:\/\/chor-syndicats.ch\/wordpress\/?page_id=1820","title":{"rendered":"Letzte Konzerte"},"content":{"rendered":"\n<div class=\"wp-block-columns is-layout-flex wp-container-core-columns-is-layout-9d6595d7 wp-block-columns-is-layout-flex\">\n<div class=\"wp-block-column is-layout-flow wp-block-column-is-layout-flow\">\n<h4 class=\"wp-block-heading has-text-align-right\"><strong>CREOL<\/strong><\/h4>\n\n\n\n<p class=\"has-text-align-right\"><strong>Ariel Ramirez: Misa Creola<\/strong><br><strong>Vokalmusik aus Lateinamerika<\/strong><\/p>\n\n\n\n<p class=\"has-text-align-right\"><em>Konzert mit Tenor-Solisten &amp; Instrumentalensemble<\/em><br><em>Zentrum Johannes, Basel <\/em><em>am 15. &amp; 16. November 2025 <\/em><\/p>\n\n\n\n<p class=\"has-text-align-right\"><em>Leitung: Miro Hanuaer<\/em><\/p>\n\n\n\n<p class=\"has-text-align-right\">Eine Homage an die Chormusik Lateinamerikas vom 15. &#8211; 20. Jahrhundert<\/p>\n<\/div>\n\n\n\n<div class=\"wp-block-column is-layout-flow wp-block-column-is-layout-flow\"><div class=\"wp-block-image\">\n<figure class=\"aligncenter size-full is-resized\"><a href=\"https:\/\/chor-syndicats.ch\/wordpress\/wp-content\/uploads\/2025\/11\/250901-Plakat-SyndiCats-Creol.jpg\"><img fetchpriority=\"high\" decoding=\"async\" width=\"992\" height=\"1403\" src=\"https:\/\/chor-syndicats.ch\/wordpress\/wp-content\/uploads\/2025\/11\/250901-Plakat-SyndiCats-Creol.jpg\" alt=\"\" class=\"wp-image-2728\" style=\"width:222px;height:auto\" srcset=\"https:\/\/chor-syndicats.ch\/wordpress\/wp-content\/uploads\/2025\/11\/250901-Plakat-SyndiCats-Creol.jpg 992w, https:\/\/chor-syndicats.ch\/wordpress\/wp-content\/uploads\/2025\/11\/250901-Plakat-SyndiCats-Creol-632x894.jpg 632w, https:\/\/chor-syndicats.ch\/wordpress\/wp-content\/uploads\/2025\/11\/250901-Plakat-SyndiCats-Creol-768x1086.jpg 768w\" sizes=\"(max-width: 992px) 100vw, 992px\" \/><\/a><\/figure><\/div><\/div>\n<\/div>\n\n\n\n<div class=\"wp-block-columns is-layout-flex wp-container-core-columns-is-layout-9d6595d7 wp-block-columns-is-layout-flex\">\n<div class=\"wp-block-column is-layout-flow wp-block-column-is-layout-flow\"><div class=\"wp-block-image\">\n<figure class=\"aligncenter size-large is-resized\"><a href=\"https:\/\/chor-syndicats.ch\/wordpress\/wp-content\/uploads\/2025\/11\/250509-Plakat-F4-scaled.jpg\"><img decoding=\"async\" width=\"1020\" height=\"1457\" src=\"https:\/\/chor-syndicats.ch\/wordpress\/wp-content\/uploads\/2025\/11\/250509-Plakat-F4-1020x1457.jpg\" alt=\"\" class=\"wp-image-2727\" style=\"width:220px;height:auto\" srcset=\"https:\/\/chor-syndicats.ch\/wordpress\/wp-content\/uploads\/2025\/11\/250509-Plakat-F4-1020x1457.jpg 1020w, https:\/\/chor-syndicats.ch\/wordpress\/wp-content\/uploads\/2025\/11\/250509-Plakat-F4-632x903.jpg 632w, https:\/\/chor-syndicats.ch\/wordpress\/wp-content\/uploads\/2025\/11\/250509-Plakat-F4-768x1097.jpg 768w, https:\/\/chor-syndicats.ch\/wordpress\/wp-content\/uploads\/2025\/11\/250509-Plakat-F4-1075x1536.jpg 1075w, https:\/\/chor-syndicats.ch\/wordpress\/wp-content\/uploads\/2025\/11\/250509-Plakat-F4-scaled.jpg 1792w\" sizes=\"(max-width: 1020px) 100vw, 1020px\" \/><\/a><\/figure><\/div><\/div>\n\n\n\n<div class=\"wp-block-column is-layout-flow wp-block-column-is-layout-flow\">\n<h4 class=\"wp-block-heading\"><strong>3. Basler Chornacht<\/strong><\/h4>\n\n\n\n<p class=\"has-text-align-left\"><em>Konzert: 13. September 2025<\/em><br><em>Leitung: Miro Hanuaer<\/em><\/p>\n\n\n\n<p class=\"has-text-align-left\">Die S\u00ffndiCats sangen Vokalmusik aus Lateinamerika aus den 15. bis 19. Jahrhundert <br>am Nachmittag auf den Strassen Basels und am Abend in der Kart\u00e4userkirche.<br><em><a href=\"https:\/\/www.youtube.com\/watch?v=S2ILcWM8c94\">Videor\u00fcckblick<\/a><\/em><\/p>\n<\/div>\n<\/div>\n\n\n\n<div class=\"wp-block-columns is-layout-flex wp-container-core-columns-is-layout-9d6595d7 wp-block-columns-is-layout-flex\">\n<div class=\"wp-block-column is-layout-flow wp-block-column-is-layout-flow\">\n<h4 class=\"wp-block-heading has-text-align-right\"><strong>\u00c0 la danse!<\/strong><\/h4>\n\n\n\n<p class=\"has-text-align-right\"><strong>Tanzlieder und andere Ges\u00e4nge<\/strong><\/p>\n\n\n\n<p class=\"has-text-align-right\"><em>Konzert mit Barbetrieb&nbsp;&amp; anschliessender Disco<\/em><br><em>am 8. Februar 2025 (Voltahalle, Basel) <\/em><br><em>Leitung: Miro Hanuaer<\/em> <\/p>\n\n\n\n<p class=\"has-text-align-right\">Ein bunter Liederstrauss aus 7 Jahrhunderten, der sich mal tiefgr\u00fcndig und and\u00e4chtig, mal leichtf\u00fcssig und t\u00e4nzerisch pr\u00e4sentierte.<\/p>\n<\/div>\n\n\n\n<div class=\"wp-block-column is-layout-flow wp-block-column-is-layout-flow\"><div class=\"wp-block-image is-style-default\">\n<figure class=\"aligncenter size-large is-resized\"><a href=\"https:\/\/chor-syndicats.ch\/wordpress\/wp-content\/uploads\/2025\/02\/241126-PL-SyndiCats-Disco-002.pdf\"><img decoding=\"async\" width=\"1020\" height=\"1443\" src=\"https:\/\/chor-syndicats.ch\/wordpress\/wp-content\/uploads\/2025\/02\/241126-PL-SyndiCats-Disco-002-pdf-1020x1443.jpg\" alt=\"\" class=\"wp-image-2577\" style=\"width:227px;height:auto\"\/><\/a><\/figure><\/div><\/div>\n<\/div>\n\n\n\n<div class=\"wp-block-columns is-layout-flex wp-container-core-columns-is-layout-9d6595d7 wp-block-columns-is-layout-flex\">\n<div class=\"wp-block-column is-layout-flow wp-block-column-is-layout-flow\"><div class=\"wp-block-image is-style-default\">\n<figure class=\"aligncenter size-large is-resized\"><a href=\"https:\/\/chor-syndicats.ch\/wordpress\/wp-content\/uploads\/2024\/01\/Bolyongas-Plakat-scaled.jpg\"><img loading=\"lazy\" decoding=\"async\" width=\"1020\" height=\"1443\" src=\"https:\/\/chor-syndicats.ch\/wordpress\/wp-content\/uploads\/2024\/01\/Bolyongas-Plakat-1020x1443.jpg\" alt=\"\" class=\"wp-image-2224\" style=\"width:248px;height:auto\" srcset=\"https:\/\/chor-syndicats.ch\/wordpress\/wp-content\/uploads\/2024\/01\/Bolyongas-Plakat-1020x1443.jpg 1020w, https:\/\/chor-syndicats.ch\/wordpress\/wp-content\/uploads\/2024\/01\/Bolyongas-Plakat-632x894.jpg 632w, https:\/\/chor-syndicats.ch\/wordpress\/wp-content\/uploads\/2024\/01\/Bolyongas-Plakat-768x1086.jpg 768w, https:\/\/chor-syndicats.ch\/wordpress\/wp-content\/uploads\/2024\/01\/Bolyongas-Plakat-1086x1536.jpg 1086w, https:\/\/chor-syndicats.ch\/wordpress\/wp-content\/uploads\/2024\/01\/Bolyongas-Plakat-1448x2048.jpg 1448w, https:\/\/chor-syndicats.ch\/wordpress\/wp-content\/uploads\/2024\/01\/Bolyongas-Plakat-scaled.jpg 1810w\" sizes=\"(max-width: 1020px) 100vw, 1020px\" \/><\/a><\/figure><\/div><\/div>\n\n\n\n<div class=\"wp-block-column is-layout-flow wp-block-column-is-layout-flow\">\n<h4 class=\"wp-block-heading\"><strong>Bolyong\u00e1s \/ Wandernd<\/strong><\/h4>\n\n\n\n<p class=\"has-text-align-left\"><em>Konzert: 22. &amp; 23. M\u00e4rz 2024 (Peterskirche, Basel) <\/em><br><em>Leitung: Miro Hanuaer<\/em> <\/p>\n\n\n\n<p class=\"has-text-align-left\"><em>mit dem Streichquartett:<\/em> <em>Mirjam Hanauer, Selina Matile, Jacoba Mlosch und <em>Bea Steinbach<\/em> <\/em><\/p>\n\n\n\n<p class=\"has-text-align-left\">Weltliche Lieder und religi\u00f6se Musik \u00fcber <br>Schmerz und Trost von Josef Gabriel Rheinberger, <br>Hans Koessler, B\u00e9la Bart\u00f3k und Zolt\u00e1n Kod\u00e1ly<\/p>\n<\/div>\n<\/div>\n\n\n\n<div class=\"wp-block-columns is-layout-flex wp-container-core-columns-is-layout-9d6595d7 wp-block-columns-is-layout-flex\">\n<div class=\"wp-block-column is-layout-flow wp-block-column-is-layout-flow\">\n<p><\/p>\n\n\n\n<h4 class=\"wp-block-heading has-text-align-right\"><strong>2. Basler Chornacht<\/strong> <\/h4>\n\n\n\n<p class=\"has-text-align-right\"><em>Konzert: 16. September 2023 (Leonhardskirche, Basel)<\/em><br><em>Leitung: Miro Hanuaer<\/em> <\/p>\n\n\n\n<p class=\"has-text-align-right\"><em>Zusammen mit den Ch\u00f6ren<br>&#8211; ATempo! + Vivo<br>&#8211; kor.<br>&#8211; Chor des Erziehungsdepartements Basel-Stadt<\/em><\/p>\n\n\n\n<p class=\"has-text-align-right\">Die S\u00ffndiCats sangen eine Auswahl der <br>Englischen Madrigale aus ihrem letzten Konzert<\/p>\n<\/div>\n\n\n\n<div class=\"wp-block-column is-layout-flow wp-block-column-is-layout-flow\"><div class=\"wp-block-image is-style-default\">\n<figure class=\"aligncenter size-large is-resized\"><a href=\"https:\/\/chor-syndicats.ch\/wordpress\/wp-content\/uploads\/2023\/06\/230522-Plakat-A4_Page_1.png\"><img loading=\"lazy\" decoding=\"async\" width=\"1020\" height=\"1443\" src=\"https:\/\/chor-syndicats.ch\/wordpress\/wp-content\/uploads\/2023\/06\/230522-Plakat-A4_Page_1-1020x1443.png\" alt=\"\" class=\"wp-image-2132\" style=\"width:194px;height:auto\" srcset=\"https:\/\/chor-syndicats.ch\/wordpress\/wp-content\/uploads\/2023\/06\/230522-Plakat-A4_Page_1-1020x1443.png 1020w, https:\/\/chor-syndicats.ch\/wordpress\/wp-content\/uploads\/2023\/06\/230522-Plakat-A4_Page_1-632x894.png 632w, https:\/\/chor-syndicats.ch\/wordpress\/wp-content\/uploads\/2023\/06\/230522-Plakat-A4_Page_1-768x1086.png 768w, https:\/\/chor-syndicats.ch\/wordpress\/wp-content\/uploads\/2023\/06\/230522-Plakat-A4_Page_1-1086x1536.png 1086w, https:\/\/chor-syndicats.ch\/wordpress\/wp-content\/uploads\/2023\/06\/230522-Plakat-A4_Page_1-1448x2048.png 1448w, https:\/\/chor-syndicats.ch\/wordpress\/wp-content\/uploads\/2023\/06\/230522-Plakat-A4_Page_1.png 1653w\" sizes=\"(max-width: 1020px) 100vw, 1020px\" \/><\/a><\/figure><\/div><\/div>\n<\/div>\n\n\n\n<div class=\"wp-block-columns is-layout-flex wp-container-core-columns-is-layout-9d6595d7 wp-block-columns-is-layout-flex\">\n<div class=\"wp-block-column is-layout-flow wp-block-column-is-layout-flow\"><div class=\"wp-block-image is-style-default\">\n<figure class=\"aligncenter is-resized\"><img loading=\"lazy\" decoding=\"async\" width=\"632\" height=\"1265\" src=\"https:\/\/chor-syndicats.ch\/wordpress\/wp-content\/uploads\/2023\/02\/Fa-la-la.-Flyer-Grafik-632x1265.png\" alt=\"\" class=\"wp-image-2111\" style=\"aspect-ratio:0.5013477088948787;width:198px;height:auto\" srcset=\"https:\/\/chor-syndicats.ch\/wordpress\/wp-content\/uploads\/2023\/02\/Fa-la-la.-Flyer-Grafik-632x1265.png 632w, https:\/\/chor-syndicats.ch\/wordpress\/wp-content\/uploads\/2023\/02\/Fa-la-la.-Flyer-Grafik-768x1536.png 768w, https:\/\/chor-syndicats.ch\/wordpress\/wp-content\/uploads\/2023\/02\/Fa-la-la.-Flyer-Grafik.png 826w\" sizes=\"(max-width: 632px) 100vw, 632px\" \/><\/figure><\/div><\/div>\n\n\n\n<div class=\"wp-block-column is-layout-flow wp-block-column-is-layout-flow\">\n<p><\/p>\n\n\n\n<h4 class=\"wp-block-heading\"><strong>Fa la la &#8211; Englische Madrigale<\/strong><\/h4>\n\n\n\n<p><em>Konzerte: 2. &amp; 3. Juni 2023 (Kulturkirche Paulus, Basel) <\/em><br><em>Leitung: Miro Hanuaer<\/em> <br><br><em>Violine &amp; Stimme Regina Hui, Klarinetten Reto Senn,<br>Akkordeon Roberto Vacca<\/em><\/p>\n\n\n\n<p class=\"has-text-align-left\">Weltliche Ges\u00e4nge \u00fcber Leben und Tod und alles, was dazwischen liegt: witzig, frech, heiter, melancholisch, <br>traurig und sehns\u00fcchtig.<br>Die englischen und irischen Trinklieder und Kanons aus dem 16. &#8211; 20. Jahrhundert erz\u00e4hlen von der Liebe und dem Fest des Lebens, das man feiern muss, weil es nur allzu schnell vergeht.<\/p>\n<\/div>\n<\/div>\n\n\n\n<div class=\"wp-block-columns is-layout-flex wp-container-core-columns-is-layout-9d6595d7 wp-block-columns-is-layout-flex\">\n<div class=\"wp-block-column is-layout-flow wp-block-column-is-layout-flow\">\n<p><\/p>\n\n\n\n<h4 class=\"wp-block-heading has-text-align-right\"><strong>Wegwerfleider<\/strong><\/h4>\n\n\n\n<p class=\"has-text-align-right\"><em>Konzerte: 17. Juni (Restaurant zur M\u00e4gd, Basel) <\/em><br><em>&amp; 18. Juni 2022 (Theresienkirche, Allschwil)<\/em><br><em>Leitung: Miro Hanuaer<\/em><\/p>\n\n\n\n<p class=\"has-text-align-right\">Eine Verbindung unterschiedlichster Lieder mit den wunderbar absurden, manchmal bissigen, manchmal wohlig humoristischen \u00abWegwerfgeschichten\u00bb von Franz Hohler.<\/p>\n<\/div>\n\n\n\n<div class=\"wp-block-column is-layout-flow wp-block-column-is-layout-flow\">\n<figure class=\"wp-block-image aligncenter size-large is-resized is-style-default\"><a href=\"https:\/\/chor-syndicats.ch\/wordpress\/wp-content\/uploads\/2022\/08\/Chor-SyndiCats-A4-Poster-Wegwerflieder_Page_1.jpeg\"><img loading=\"lazy\" decoding=\"async\" width=\"1020\" height=\"1443\" class=\"wp-image-1995\" style=\"width: 215px; height: 303px;\" src=\"https:\/\/chor-syndicats.ch\/wordpress\/wp-content\/uploads\/2022\/08\/Chor-SyndiCats-A4-Poster-Wegwerflieder_Page_1-1020x1443.jpeg\" alt=\"\" srcset=\"https:\/\/chor-syndicats.ch\/wordpress\/wp-content\/uploads\/2022\/08\/Chor-SyndiCats-A4-Poster-Wegwerflieder_Page_1-1020x1443.jpeg 1020w, https:\/\/chor-syndicats.ch\/wordpress\/wp-content\/uploads\/2022\/08\/Chor-SyndiCats-A4-Poster-Wegwerflieder_Page_1-632x894.jpeg 632w, https:\/\/chor-syndicats.ch\/wordpress\/wp-content\/uploads\/2022\/08\/Chor-SyndiCats-A4-Poster-Wegwerflieder_Page_1-768x1086.jpeg 768w, https:\/\/chor-syndicats.ch\/wordpress\/wp-content\/uploads\/2022\/08\/Chor-SyndiCats-A4-Poster-Wegwerflieder_Page_1-1086x1536.jpeg 1086w, https:\/\/chor-syndicats.ch\/wordpress\/wp-content\/uploads\/2022\/08\/Chor-SyndiCats-A4-Poster-Wegwerflieder_Page_1-1448x2048.jpeg 1448w, https:\/\/chor-syndicats.ch\/wordpress\/wp-content\/uploads\/2022\/08\/Chor-SyndiCats-A4-Poster-Wegwerflieder_Page_1.jpeg 1653w\" sizes=\"(max-width: 1020px) 100vw, 1020px\" \/><\/a><\/figure>\n<\/div>\n<\/div>\n\n\n\n<div class=\"wp-block-columns is-layout-flex wp-container-core-columns-is-layout-9d6595d7 wp-block-columns-is-layout-flex\">\n<div class=\"wp-block-column is-layout-flow wp-block-column-is-layout-flow\">\n<figure class=\"wp-block-image aligncenter size-full is-resized\"><a href=\"https:\/\/chor-syndicats.ch\/wordpress\/wp-content\/uploads\/2021\/11\/Chornacht-Flyer-e1635765124361.jpeg\"><img loading=\"lazy\" decoding=\"async\" width=\"429\" height=\"596\" class=\"wp-image-1847\" style=\"width: 199px; height: 277px;\" src=\"https:\/\/chor-syndicats.ch\/wordpress\/wp-content\/uploads\/2021\/11\/Chornacht-Flyer-e1635765124361.jpeg\" alt=\"\" \/><\/a><\/figure>\n<\/div>\n\n\n\n<div class=\"wp-block-column is-layout-flow wp-block-column-is-layout-flow\">\n<p><\/p>\n\n\n\n<h4 class=\"wp-block-heading\"><strong>1. Basler Chornacht<\/strong><\/h4>\n\n\n\n<p><em>Konzert: 12. September 2021 (Kulturkirche Paulus, Basel)<\/em><br><em>Leitung: Miro Hanuaer<\/em><\/p>\n\n\n\n<p><em>mit &#8218;Basler Beizenchor&#8216; &amp; &#8218;Junger Kammerchor Basel&#8216;<\/em><\/p>\n\n\n\n<p>Ausgew\u00e4hlte Lieder der S\u00ffndiCats<\/p>\n<\/div>\n<\/div>\n\n\n\n<div class=\"wp-block-columns is-layout-flex wp-container-core-columns-is-layout-9d6595d7 wp-block-columns-is-layout-flex\">\n<div class=\"wp-block-column is-layout-flow wp-block-column-is-layout-flow\">\n<p><\/p>\n\n\n\n<h4 class=\"wp-block-heading has-text-align-right\"><strong>Jubil\u00e4umsfest 25 Jahre S\u00ffndiCats<\/strong><\/h4>\n\n\n\n<p class=\"has-text-align-right\"><em>Konzert: 22. August 2020 (Gare du Nord, Basel)<\/em><br><em>Leitung: Samuel Strub<\/em><\/p>\n\n\n\n<p class=\"has-text-align-right\">Liedbeitr\u00e4ge aus 25 Jahren Chorgeschichte mit Ap\u00e9ro, Buffet und Disco<\/p>\n<\/div>\n\n\n\n<div class=\"wp-block-column is-layout-flow wp-block-column-is-layout-flow\"><div class=\"wp-block-image\">\n<figure class=\"aligncenter size-large is-resized\"><a href=\"https:\/\/chor-syndicats.ch\/wordpress\/wp-content\/uploads\/2021\/10\/CCI_000012_Page_1.jpeg\"><img decoding=\"async\" src=\"https:\/\/chor-syndicats.ch\/wordpress\/wp-content\/uploads\/2021\/10\/CCI_000012_Page_1-edited.jpeg\" alt=\"\" class=\"wp-image-1822\" style=\"width:379px\"\/><\/a><\/figure><\/div><\/div>\n<\/div>\n\n\n\n<div class=\"wp-block-columns is-layout-flex wp-container-core-columns-is-layout-9d6595d7 wp-block-columns-is-layout-flex\">\n<div class=\"wp-block-column is-layout-flow wp-block-column-is-layout-flow\"><div class=\"wp-block-image is-style-default\">\n<figure class=\"aligncenter size-full is-resized\"><a href=\"https:\/\/chor-syndicats.ch\/wordpress\/wp-content\/uploads\/2019\/04\/Hejamoli-rot-1.jpg\"><img loading=\"lazy\" decoding=\"async\" width=\"300\" height=\"559\" src=\"https:\/\/chor-syndicats.ch\/wordpress\/wp-content\/uploads\/2019\/04\/Hejamoli-rot-1.jpg\" alt=\"\" class=\"wp-image-618\" style=\"width:222px;height:auto\"\/><\/a><\/figure><\/div><\/div>\n\n\n\n<div class=\"wp-block-column is-layout-flow wp-block-column-is-layout-flow\">\n<h4>\u00a0<\/h4>\n<p class=\"wp-block-heading\"><strong>Hejamoli<\/strong><\/p>\n\n\n\n<p><em>Konzerte: 17. Mai (Theresienkirche, Allschwil) &amp; 18. Mai 2019 (Matth\u00e4uskirche, Basel)<\/em><\/p>\n\n\n\n<p><em>mit Gvantsa Kiknadze, Ani Devdariani &amp; Teona Gnolidze, Mitgliedern des georgischen Ensembles <a href=\"https:\/\/www.youtube.com\/channel\/UCJ705G9reeUKhhSZOtTVT5w\" target=\"_blank\" rel=\"noreferrer noopener\">\u10e5\u10d0\u10da\u10d3\u10d4\u10d0<\/a> (Qaldea); <\/em><\/p>\n\n\n\n<p><em>Leitung: Samuel Strub<\/em><\/p>\n\n\n\n<p>Kirchliche und weltliche Musik aus dem Balkan, Russland und anderen L\u00e4ndern Osteuropas mit Schwerpunkt Georgien. Erg\u00e4nzt und bereichert vokal und instrumental von drei Musikerinnen aus Tiflis<\/p>\n<\/div>\n<\/div>\n\n\n\n<div class=\"wp-block-columns is-layout-flex wp-container-core-columns-is-layout-9d6595d7 wp-block-columns-is-layout-flex\">\n<div class=\"wp-block-column is-layout-flow wp-block-column-is-layout-flow\">\n<p><\/p>\n\n\n\n<h4 class=\"wp-block-heading has-text-align-right\"><strong>Wasser<\/strong><\/h4>\n\n\n\n<p class=\"has-text-align-right\"><em>Konzerte: 31. August (Waisenhauskirche Basel) und<\/em><br><em> 1. September 2018 (Theodorskirche Basel)<\/em><\/p>\n\n\n\n<p class=\"has-text-align-right\"><em>Leitung: Samuel Strub<\/em><\/p>\n\n\n\n<p class=\"has-text-align-right\"><em>Perkussion: Dominik Do\u0142\u0119ga; <\/em><\/p>\n\n\n\n<p class=\"has-text-align-right\">Lieder aus 5 Jahrhunderten rund ums Wasser<\/p>\n<\/div>\n\n\n\n<div class=\"wp-block-column is-layout-flow wp-block-column-is-layout-flow\">\n<div class=\"wp-block-columns is-layout-flex wp-container-core-columns-is-layout-9d6595d7 wp-block-columns-is-layout-flex\">\n<div class=\"wp-block-column is-layout-flow wp-block-column-is-layout-flow\" style=\"flex-basis:100%\">\n<div class=\"alignnormal\"><div id=\"metaslider-id-540\" style=\"max-width: 300px;\" class=\"ml-slider-3-108-0 metaslider metaslider-flex metaslider-540 ml-slider has-dots-nav ms-theme-default\" role=\"region\" aria-label=\"Wasser\" data-height=\"450\" data-width=\"300\">\n    <div id=\"metaslider_container_540\">\n        <div id=\"metaslider_540\">\n            <ul class='slides'>\n                <li style=\"display: block; width: 100%;\" class=\"slide-1810 ms-image \" aria-roledescription=\"slide\" data-date=\"2021-10-26 12:25:01\" data-filename=\"Plakaetli-A4-Wasser2-300x450.jpeg\" data-slide-type=\"image\"><img loading=\"lazy\" decoding=\"async\" src=\"https:\/\/chor-syndicats.ch\/wordpress\/wp-content\/uploads\/2021\/10\/Plakaetli-A4-Wasser2-300x450.jpeg\" height=\"450\" width=\"300\" alt=\"\" class=\"slider-540 slide-1810 msDefaultImage\" title=\"Plak\u00e4tli A4 Wasser2\" \/><\/li>\n                <li style=\"display: none; width: 100%;\" class=\"slide-1811 ms-image \" aria-roledescription=\"slide\" data-date=\"2021-10-26 12:25:01\" data-filename=\"Plakaetli-A4-Wasser1-300x450.jpeg\" data-slide-type=\"image\"><img loading=\"lazy\" decoding=\"async\" src=\"https:\/\/chor-syndicats.ch\/wordpress\/wp-content\/uploads\/2021\/10\/Plakaetli-A4-Wasser1-300x450.jpeg\" height=\"450\" width=\"300\" alt=\"\" class=\"slider-540 slide-1811 msDefaultImage\" title=\"Plak\u00e4tli A4 Wasser1\" \/><\/li>\n                <li style=\"display: none; width: 100%;\" class=\"slide-1814 ms-image \" aria-roledescription=\"slide\" data-date=\"2021-10-26 12:26:56\" data-filename=\"Plakaetli-A4-Wasser3-300x450.jpeg\" data-slide-type=\"image\"><img loading=\"lazy\" decoding=\"async\" src=\"https:\/\/chor-syndicats.ch\/wordpress\/wp-content\/uploads\/2021\/10\/Plakaetli-A4-Wasser3-300x450.jpeg\" height=\"450\" width=\"300\" alt=\"\" class=\"slider-540 slide-1814 msDefaultImage\" title=\"Plak\u00e4tli A4 Wasser3\" \/><\/li>\n            <\/ul>\n        <\/div>\n        \n    <\/div>\n<\/div><\/div>\n<\/div>\n<\/div>\n<\/div>\n<\/div>\n\n\n\n<div class=\"wp-block-columns is-layout-flex wp-container-core-columns-is-layout-9d6595d7 wp-block-columns-is-layout-flex\">\n<div class=\"wp-block-column is-layout-flow wp-block-column-is-layout-flow\">\n<div class=\"alignnormal\"><div id=\"metaslider-id-476\" style=\"max-width: 240px;\" class=\"ml-slider-3-108-0 metaslider metaslider-flex metaslider-476 ml-slider has-dots-nav ms-theme-default\" role=\"region\" aria-label=\"Navidad\" data-height=\"360\" data-width=\"240\">\n    <div id=\"metaslider_container_476\">\n        <div id=\"metaslider_476\">\n            <ul class='slides'>\n                <li style=\"display: block; width: 100%;\" class=\"slide-481 ms-image \" aria-roledescription=\"slide\" data-date=\"2017-10-11 14:56:48\" data-filename=\"2_10_17_Navidad_A41-240x360.jpg\" data-slide-type=\"image\"><img loading=\"lazy\" decoding=\"async\" src=\"https:\/\/chor-syndicats.ch\/wordpress\/wp-content\/uploads\/2017\/10\/2_10_17_Navidad_A41-240x360.jpg\" height=\"360\" width=\"240\" alt=\"\" class=\"slider-476 slide-481 msDefaultImage\" \/><\/li>\n                <li style=\"display: none; width: 100%;\" class=\"slide-482 ms-image \" aria-roledescription=\"slide\" data-date=\"2017-10-11 14:56:48\" data-filename=\"2_10_17_Navidad_A42-240x360.jpg\" data-slide-type=\"image\"><img loading=\"lazy\" decoding=\"async\" src=\"https:\/\/chor-syndicats.ch\/wordpress\/wp-content\/uploads\/2017\/10\/2_10_17_Navidad_A42-240x360.jpg\" height=\"360\" width=\"240\" alt=\"\" class=\"slider-476 slide-482 msDefaultImage\" \/><\/li>\n                <li style=\"display: none; width: 100%;\" class=\"slide-483 ms-image \" aria-roledescription=\"slide\" data-date=\"2017-10-11 14:56:48\" data-filename=\"2_10_17_Navidad_A43-240x360.jpg\" data-slide-type=\"image\"><img loading=\"lazy\" decoding=\"async\" src=\"https:\/\/chor-syndicats.ch\/wordpress\/wp-content\/uploads\/2017\/10\/2_10_17_Navidad_A43-240x360.jpg\" height=\"360\" width=\"240\" alt=\"\" class=\"slider-476 slide-483 msDefaultImage\" \/><\/li>\n                <li style=\"display: none; width: 100%;\" class=\"slide-484 ms-image \" aria-roledescription=\"slide\" data-date=\"2017-10-11 14:56:48\" data-filename=\"2_10_17_Navidad_A44-240x360.jpg\" data-slide-type=\"image\"><img loading=\"lazy\" decoding=\"async\" src=\"https:\/\/chor-syndicats.ch\/wordpress\/wp-content\/uploads\/2017\/10\/2_10_17_Navidad_A44-240x360.jpg\" height=\"360\" width=\"240\" alt=\"\" class=\"slider-476 slide-484 msDefaultImage\" \/><\/li>\n            <\/ul>\n        <\/div>\n        \n    <\/div>\n<\/div><\/div>\n<\/div>\n\n\n\n<div class=\"wp-block-column is-layout-flow wp-block-column-is-layout-flow\">\n<p><\/p>\n\n\n\n<h4 class=\"wp-block-heading\"><strong>Navidad Espa\u00f1ola<\/strong><\/h4>\n\n\n\n<p><em>Konzerte: 2. Dezember (Theodorskirche Basel) &amp; 3. Dezember 2017 (Klosterkirche Dornach)<\/em><\/p>\n\n\n\n<p><em>mit Teresa Ortner (Dulzian), Louis Capeille (Harfe), Soma Salat-Zakarias (Gambe) und Aura Gutierrez (Sologesang), Leitung: Samuel Strub<\/em><\/p>\n\n\n\n<p>Spanische Weihnachten mit der vierstimmigen Messe \u201eMissa O magnum mysterium von Thom\u00e1s Luis de Victoria (1548-1611) sowie Instrumentalst\u00fccken aus der Renaissancezeit und traditionelle wie auch moderne Weihnachtsliedern aus Spanien und Lateinamerika<\/p>\n<\/div>\n<\/div>\n\n\n\n<div class=\"wp-block-columns is-layout-flex wp-container-core-columns-is-layout-9d6595d7 wp-block-columns-is-layout-flex\">\n<div class=\"wp-block-column is-layout-flow wp-block-column-is-layout-flow\">\n<p><\/p>\n\n\n\n<h4 class=\"wp-block-heading has-text-align-right\"><strong>\u201eO die Frauen!\u201c<\/strong><\/h4>\n\n\n\n<p class=\"has-text-align-right\"><em>Konzert: 25. Juni 2017 (Ackermannshof, Basel)<\/em><\/p>\n\n\n\n<p class=\"has-text-align-right\"><em>Leitung: Samuel Strub<\/em><\/p>\n\n\n\n<p class=\"has-text-align-right\"><em>Klavier: Simon Peter und Kimon Barakos<\/em><\/p>\n\n\n\n<p>Liebeslieder-Walzer von Johannes Brahms aus dem ersten Zyklus, erg\u00e4nzt durch weitere europ\u00e4ische Liebeslieder aus verschiedenen L\u00e4ndern.<\/p>\n<\/div>\n\n\n\n<div class=\"wp-block-column is-layout-flow wp-block-column-is-layout-flow\">\n<div class=\"alignnormal\"><div id=\"metaslider-id-415\" style=\"max-width: 300px;\" class=\"ml-slider-3-108-0 metaslider metaslider-flex metaslider-415 ml-slider has-dots-nav ms-theme-default\" role=\"region\" aria-label=\"O die Frauen\" data-height=\"450\" data-width=\"300\">\n    <div id=\"metaslider_container_415\">\n        <div id=\"metaslider_415\">\n            <ul class='slides'>\n                <li style=\"display: block; width: 100%;\" class=\"slide-416 ms-image \" aria-roledescription=\"slide\" data-date=\"2017-05-07 09:26:14\" data-filename=\"Bild3-300x450.jpg\" data-slide-type=\"image\"><img loading=\"lazy\" decoding=\"async\" src=\"https:\/\/chor-syndicats.ch\/wordpress\/wp-content\/uploads\/2015\/02\/Bild3-300x450.jpg\" height=\"450\" width=\"300\" alt=\"\" class=\"slider-415 slide-416 msDefaultImage\" \/><\/li>\n                <li style=\"display: none; width: 100%;\" class=\"slide-417 ms-image \" aria-roledescription=\"slide\" data-date=\"2017-05-07 09:26:14\" data-filename=\"bild2-300x450.jpg\" data-slide-type=\"image\"><img loading=\"lazy\" decoding=\"async\" src=\"https:\/\/chor-syndicats.ch\/wordpress\/wp-content\/uploads\/2015\/02\/bild2-300x450.jpg\" height=\"450\" width=\"300\" alt=\"\" class=\"slider-415 slide-417 msDefaultImage\" \/><\/li>\n                <li style=\"display: none; width: 100%;\" class=\"slide-418 ms-image \" aria-roledescription=\"slide\" data-date=\"2017-05-07 09:26:14\" data-filename=\"Bild1-300x450.jpg\" data-slide-type=\"image\"><img loading=\"lazy\" decoding=\"async\" src=\"https:\/\/chor-syndicats.ch\/wordpress\/wp-content\/uploads\/2015\/02\/Bild1-300x450.jpg\" height=\"450\" width=\"300\" alt=\"\" class=\"slider-415 slide-418 msDefaultImage\" \/><\/li>\n            <\/ul>\n        <\/div>\n        \n    <\/div>\n<\/div><\/div>\n<\/div>\n<\/div>\n\n\n\n<div class=\"wp-block-columns is-layout-flex wp-container-core-columns-is-layout-9d6595d7 wp-block-columns-is-layout-flex\">\n<div class=\"wp-block-column is-layout-flow wp-block-column-is-layout-flow\">\n<div class=\"wp-block-columns is-layout-flex wp-container-core-columns-is-layout-9d6595d7 wp-block-columns-is-layout-flex\">\n<div class=\"wp-block-column is-layout-flow wp-block-column-is-layout-flow\">\n<div class=\"alignnormal\"><div id=\"metaslider-id-1789\" style=\"max-width: 450px;\" class=\"ml-slider-3-108-0 metaslider metaslider-flex metaslider-1789 ml-slider has-dots-nav ms-theme-default\" role=\"region\" aria-label=\"Unterwegs\" data-height=\"300\" data-width=\"450\">\n    <div id=\"metaslider_container_1789\">\n        <div id=\"metaslider_1789\">\n            <ul class='slides'>\n                <li style=\"display: block; width: 100%;\" class=\"slide-1790 ms-image \" aria-roledescription=\"slide\" data-date=\"2021-10-26 10:57:10\" data-filename=\"160816_GzD_Flyer-Unterwegs-e1635239453755-450x300.jpg\" data-slide-type=\"image\"><img loading=\"lazy\" decoding=\"async\" src=\"https:\/\/chor-syndicats.ch\/wordpress\/wp-content\/uploads\/2015\/08\/160816_GzD_Flyer-Unterwegs-e1635239453755-450x300.jpg\" height=\"300\" width=\"450\" alt=\"\" class=\"slider-1789 slide-1790 msDefaultImage\" title=\"160816_GzD_Flyer Unterwegs\" \/><\/li>\n                <li style=\"display: none; width: 100%;\" class=\"slide-1791 ms-image \" aria-roledescription=\"slide\" data-date=\"2021-10-26 10:57:10\" data-filename=\"unterwegs7-450x300.jpg\" data-slide-type=\"image\"><img loading=\"lazy\" decoding=\"async\" src=\"https:\/\/chor-syndicats.ch\/wordpress\/wp-content\/uploads\/2015\/02\/unterwegs7-450x300.jpg\" height=\"300\" width=\"450\" alt=\"\" class=\"slider-1789 slide-1791 msDefaultImage\" title=\"unterwegs7\" \/><\/li>\n                <li style=\"display: none; width: 100%;\" class=\"slide-1792 ms-image \" aria-roledescription=\"slide\" data-date=\"2021-10-26 10:57:10\" data-filename=\"unterwegs6-450x300.jpg\" data-slide-type=\"image\"><img loading=\"lazy\" decoding=\"async\" src=\"https:\/\/chor-syndicats.ch\/wordpress\/wp-content\/uploads\/2015\/02\/unterwegs6-450x300.jpg\" height=\"300\" width=\"450\" alt=\"\" class=\"slider-1789 slide-1792 msDefaultImage\" title=\"unterwegs6\" \/><\/li>\n                <li style=\"display: none; width: 100%;\" class=\"slide-1793 ms-image \" aria-roledescription=\"slide\" data-date=\"2021-10-26 10:57:10\" data-filename=\"Bildmotiv_Querformat-450x300.jpeg\" data-slide-type=\"image\"><img loading=\"lazy\" decoding=\"async\" src=\"https:\/\/chor-syndicats.ch\/wordpress\/wp-content\/uploads\/2015\/02\/Bildmotiv_Querformat-450x300.jpeg\" height=\"300\" width=\"450\" alt=\"\" class=\"slider-1789 slide-1793 msDefaultImage\" title=\"Bildmotiv_Querformat\" \/><\/li>\n            <\/ul>\n        <\/div>\n        \n    <\/div>\n<\/div><\/div>\n<\/div>\n\n\n\n<div class=\"wp-block-column is-layout-flow wp-block-column-is-layout-flow\">\n<p><\/p>\n\n\n\n<h4 class=\"wp-block-heading\">Unterwegs<\/h4>\n\n\n\n<p><em>Konzerte: 24. &amp; 25. September 2016<\/em><\/p>\n\n\n\n<p><em>Leitung: Samuel Strub<\/em><\/p>\n\n\n\n<p>Lieder voller Sehnsucht, mit traditionellen Melodien sowie modernen Arrangements aus der Schweiz \u00fcber Nordirland bis nach Amerika.<\/p>\n<\/div>\n<\/div>\n<\/div>\n<\/div>\n\n\n\n<div class=\"wp-block-columns is-layout-flex wp-container-core-columns-is-layout-9d6595d7 wp-block-columns-is-layout-flex\">\n<div class=\"wp-block-column is-layout-flow wp-block-column-is-layout-flow\">\n<h4 class=\"wp-block-heading has-text-align-right\"><strong>Messe de minuit pour No\u00ebl<\/strong><\/h4>\n\n\n\n<p class=\"has-text-align-right\"><em>Konzerte: 19. Dezember (Theodorskirche Basel) und<\/em><br><em>20. Dezember 2015 (Klosterkirche Dornach)<\/em><\/p>\n\n\n\n<p class=\"has-text-align-right\"><em>Leitung: Samuel Strub<\/em><\/p>\n\n\n\n<p class=\"has-text-align-right\"><em>mit dem Gamben-Ensemble <\/em>The Little Light Consort<\/p>\n\n\n\n<p class=\"has-text-align-right\">Parodiemesse \u00abMesse de Minuit pour No\u00ebl\u00bb von Marc Antoine Charpentier, die franz\u00f6sisches Volksliedgut mit dem Messetext des gottesdienstlichen Ordinariums verbindet, sowie franz\u00f6sische Weihnachtslieder in der Originalfassung von den S\u00ffndiCats und Werken aus dem franz\u00f6sischen Barock vom Gamben-Ensemble.<\/p>\n<\/div>\n\n\n\n<div class=\"wp-block-column is-layout-flow wp-block-column-is-layout-flow\">\n<p><\/p>\n\n\n<div class=\"wp-block-image\">\n<figure class=\"alignright size-large\"><a href=\"https:\/\/chor-syndicats.ch\/wordpress\/wp-content\/uploads\/2015\/11\/Messe-de-Minuit.jpg\"><img loading=\"lazy\" decoding=\"async\" width=\"1020\" height=\"489\" src=\"https:\/\/chor-syndicats.ch\/wordpress\/wp-content\/uploads\/2015\/11\/Messe-de-Minuit-1020x489.jpg\" alt=\"\" class=\"wp-image-217\" srcset=\"https:\/\/chor-syndicats.ch\/wordpress\/wp-content\/uploads\/2015\/11\/Messe-de-Minuit-1020x489.jpg 1020w, https:\/\/chor-syndicats.ch\/wordpress\/wp-content\/uploads\/2015\/11\/Messe-de-Minuit-632x303.jpg 632w\" sizes=\"(max-width: 1020px) 100vw, 1020px\" \/><\/a><\/figure><\/div><\/div>\n<\/div>\n\n\n\n<p>.<\/p>\n\n\n\n<div class=\"wp-block-columns is-layout-flex wp-container-core-columns-is-layout-9d6595d7 wp-block-columns-is-layout-flex\">\n<div class=\"wp-block-column is-layout-flow wp-block-column-is-layout-flow\">\n<p><\/p>\n\n\n\n<figure class=\"wp-block-image size-large is-resized\"><a href=\"https:\/\/chor-syndicats.ch\/wordpress\/wp-content\/uploads\/2015\/02\/FlyerMidsommar_Seite_1.jpg\"><img loading=\"lazy\" decoding=\"async\" width=\"1020\" height=\"481\" src=\"https:\/\/chor-syndicats.ch\/wordpress\/wp-content\/uploads\/2015\/02\/FlyerMidsommar_Seite_1-1020x481.jpg\" alt=\"\" class=\"wp-image-149\" style=\"width:417px;height:196px\" srcset=\"https:\/\/chor-syndicats.ch\/wordpress\/wp-content\/uploads\/2015\/02\/FlyerMidsommar_Seite_1-1020x481.jpg 1020w, https:\/\/chor-syndicats.ch\/wordpress\/wp-content\/uploads\/2015\/02\/FlyerMidsommar_Seite_1-632x298.jpg 632w, https:\/\/chor-syndicats.ch\/wordpress\/wp-content\/uploads\/2015\/02\/FlyerMidsommar_Seite_1.jpg 1241w\" sizes=\"(max-width: 1020px) 100vw, 1020px\" \/><\/a><\/figure>\n<\/div>\n\n\n\n<div class=\"wp-block-column is-layout-flow wp-block-column-is-layout-flow\">\n<p><\/p>\n\n\n\n<h4 class=\"wp-block-heading\"><strong>Midsommar<\/strong><\/h4>\n\n\n\n<p><em>Konzerte: 20. Juni (Theodorskirche Basel) &amp; 21. Juni 2015 (Dorfkirche Riehen)<\/em><\/p>\n\n\n\n<p><em>Leitung: Samuel Strub<\/em><\/p>\n\n\n\n<p>Traditionelles und neues Liedgut zum schwedischen Mittsommernachtsfest.<\/p>\n<\/div>\n<\/div>\n\n\n\n<p class=\"has-text-align-center\">.<\/p>\n\n\n\n<div class=\"wp-block-columns is-layout-flex wp-container-core-columns-is-layout-9d6595d7 wp-block-columns-is-layout-flex\">\n<div class=\"wp-block-column is-layout-flow wp-block-column-is-layout-flow\">\n<p><\/p>\n\n\n\n<h4 class=\"wp-block-heading has-text-align-right\"><strong>\u2018Us em diefschte Glaibasel\u2019, das Baerwart-Projekt<\/strong><\/h4>\n\n\n\n<p class=\"has-text-align-right\"><em>Konzerte:<\/em><strong><em> <\/em><\/strong><br><em>6. &amp; 7. September 2014 (Aktienm\u00fchle, Basel); <\/em><br><em>18. Dezember 2014 (Adventskalender Theater Basel);<\/em><br><em>7. November 2015, (Einweihung Baerwart Schulhaus)<\/em><\/p>\n\n\n\n<p class=\"has-text-align-right\"><em>Lesung: Urs Bihler; Leitung: Samuel Strub<\/em><\/p>\n\n\n\n<p class=\"has-text-align-right\">Gedichte des Basler Mundartdichters Theobald Baerwart eigens f\u00fcr dieses Projekt vom Basler Komponisten David Rossel und von S\u00ffndiCats-Chorleiter Samuel Strub vertont. Als weiteres Element des Programms las der Basler Schauspieler Urs Bihler einige der Geschichten von \u201eBaldi\u201c.<\/p>\n<\/div>\n\n\n\n<div class=\"wp-block-column is-layout-flow wp-block-column-is-layout-flow\">\n<figure class=\"wp-block-image size-full is-resized\"><a href=\"https:\/\/chor-syndicats.ch\/wordpress\/wp-content\/uploads\/2015\/02\/Flyer_Baerwart.jpg\"><img loading=\"lazy\" decoding=\"async\" width=\"313\" height=\"459\" src=\"https:\/\/chor-syndicats.ch\/wordpress\/wp-content\/uploads\/2015\/02\/Flyer_Baerwart.jpg\" alt=\"\" class=\"wp-image-32\" style=\"width:272px;height:399px\"\/><\/a><\/figure>\n<\/div>\n<\/div>\n\n\n\n<p class=\"has-text-align-right\">.<\/p>\n\n\n\n<div class=\"wp-block-columns is-layout-flex wp-container-core-columns-is-layout-9d6595d7 wp-block-columns-is-layout-flex\">\n<div class=\"wp-block-column is-layout-flow wp-block-column-is-layout-flow\">\n<figure class=\"wp-block-image size-full\"><a href=\"https:\/\/chor-syndicats.ch\/wordpress\/wp-content\/uploads\/2015\/02\/Konzert_2013.jpg\"><img decoding=\"async\" src=\"https:\/\/chor-syndicats.ch\/wordpress\/wp-content\/uploads\/2015\/02\/Konzert_2013.jpg\" alt=\"\" class=\"wp-image-44\"\/><\/a><\/figure>\n<\/div>\n\n\n\n<div class=\"wp-block-column is-layout-flow wp-block-column-is-layout-flow\">\n<p><\/p>\n\n\n\n<h4 class=\"wp-block-heading\"><strong>Str\u00e5lande Jul<\/strong><\/h4>\n\n\n\n<p><em>Konzerte: 7. Dezember (Theodorskirche Basel) &amp; 8. Dezember 2013 (Klosterkirche Dornach)<\/em><\/p>\n\n\n\n<p><em>Bratsche: Alessandro D\u2019Amico; Leitung: Samuel Strub<\/em><\/p>\n\n\n\n<p>Moderne und traditionelle Lieder aus dem hohen Norden mit Intermezzi und Improvisation von Alessandro D\u2019Amico.<\/p>\n<\/div>\n<\/div>\n\n\n\n<p><\/p>\n","protected":false},"excerpt":{"rendered":"<div class=\"entry-summary\">\n<div class=\"entry-summary\">\nCREOL Ariel Ramirez: Misa CreolaVokalmusik aus Lateinamerika Konzert mit Tenor-Solisten &amp; InstrumentalensembleZentrum&hellip;\n<\/div>\n<div class=\"link-more\"><a href=\"https:\/\/chor-syndicats.ch\/wordpress\/?page_id=1820\" class=\"more-link\">Continue reading<span class=\"screen-reader-text\"> &ldquo;Letzte Konzerte&rdquo;<\/span>&hellip;<\/a><\/div>\n<\/div>\n<div class=\"link-more\"><a href=\"https:\/\/chor-syndicats.ch\/wordpress\/?page_id=1820\" class=\"more-link\">Continue reading<span class=\"screen-reader-text\"> &ldquo;Letzte Konzerte&rdquo;<\/span>&hellip;<\/a><\/div>\n","protected":false},"author":4,"featured_media":0,"parent":0,"menu_order":0,"comment_status":"closed","ping_status":"closed","template":"page-template\/_fullwidth.php","meta":{"footnotes":""},"class_list":["post-1820","page","type-page","status-publish","hentry","entry"],"_links":{"self":[{"href":"https:\/\/chor-syndicats.ch\/wordpress\/index.php?rest_route=\/wp\/v2\/pages\/1820","targetHints":{"allow":["GET"]}}],"collection":[{"href":"https:\/\/chor-syndicats.ch\/wordpress\/index.php?rest_route=\/wp\/v2\/pages"}],"about":[{"href":"https:\/\/chor-syndicats.ch\/wordpress\/index.php?rest_route=\/wp\/v2\/types\/page"}],"author":[{"embeddable":true,"href":"https:\/\/chor-syndicats.ch\/wordpress\/index.php?rest_route=\/wp\/v2\/users\/4"}],"replies":[{"embeddable":true,"href":"https:\/\/chor-syndicats.ch\/wordpress\/index.php?rest_route=%2Fwp%2Fv2%2Fcomments&post=1820"}],"version-history":[{"count":31,"href":"https:\/\/chor-syndicats.ch\/wordpress\/index.php?rest_route=\/wp\/v2\/pages\/1820\/revisions"}],"predecessor-version":[{"id":2764,"href":"https:\/\/chor-syndicats.ch\/wordpress\/index.php?rest_route=\/wp\/v2\/pages\/1820\/revisions\/2764"}],"wp:attachment":[{"href":"https:\/\/chor-syndicats.ch\/wordpress\/index.php?rest_route=%2Fwp%2Fv2%2Fmedia&parent=1820"}],"curies":[{"name":"wp","href":"https:\/\/api.w.org\/{rel}","templated":true}]}}